{"id":433,"date":"2025-08-11T16:39:40","date_gmt":"2025-08-11T16:39:40","guid":{"rendered":"https:\/\/pdisseny.com\/politica-de-privacidad\/"},"modified":"2025-10-22T13:19:28","modified_gmt":"2025-10-22T11:19:28","slug":"politica-privacitat","status":"publish","type":"page","link":"https:\/\/pdisseny.com\/ca\/politica-privacitat\/","title":{"rendered":"Pol\u00edtica de privacitat"},"content":{"rendered":"\n<div class=\"wp-block-gur-container gur-container container-reduced\" id=\"\">\n<div class=\"wp-block-gur-row gur-row row justify-content-start align-items-start\" id=\"\">\n<div class=\"wp-block-gur-column gur-col col\" id=\"\">\n<h1 class=\"wp-block-heading mt-4 mb-4\">Pol\u00edtica de privacitat<\/h1>\n\n\n\n<p><strong>1. Protecci\u00f3 de dades de car\u00e0cter personal segons la LOPDDD<\/strong><\/p>\n\n\n\n<p><strong>PUNT DISE\u00d1OS Y TROQUELES SL.<\/strong>, d&#8217;ara endavant L&#8217;EMPRESA, en aplicaci\u00f3 de la normativa vigent en mat\u00e8ria de protecci\u00f3 de dades de car\u00e0cter personal, informa que les dades personals que es recullen a trav\u00e9s dels formularis del Lloc web: https:\/\/pdisseny.com\/. d&#8217;ara endavant LLOC WEB, s&#8217;inclouen en els fitxers automatitzats espec\u00edfics d&#8217;usuaris dels serveis de L&#8217;EMPRESA.<\/p>\n\n\n\n<p>La recollida i tractament automatitzat de les dades de car\u00e0cter personal t\u00e9 com a finalitat el manteniment de la relaci\u00f3 comercial i l&#8217;acompliment de tasques d&#8217;informaci\u00f3, formaci\u00f3, assessorament i altres activitats pr\u00f2pies de L&#8217;EMPRESA<\/p>\n\n\n\n<p>Aquestes dades \u00fanicament seran cedits a aquelles entitats que siguin necess\u00e0ries amb l&#8217;\u00fanic objectiu de donar compliment a la finalitat anteriorment exposada.<\/p>\n\n\n\n<p>L&#8217;EMPRESA adopta les mesures necess\u00e0ries per a garantir la seguretat, integritat i confidencialitat de les dades conforme al que es disposa en el Reglament (UE) 2016\/679 del Parlament Europeu i del Consell, de 27 d&#8217;abril de 2016, relatiu a la protecci\u00f3 de les persones f\u00edsiques pel que fa al tractament de dades personals i a la lliure circulaci\u00f3 d&#8217;aquests.<\/p>\n\n\n\n<p>L&#8217;usuari podr\u00e0 en qualsevol moment exercitar els drets d&#8217;acc\u00e9s, oposici\u00f3, rectificaci\u00f3 i cancel\u00b7laci\u00f3 reconeguts en el citat Reglament (UE). L&#8217;exercici d&#8217;aquests drets pot realitzar-lo el propi usuari a trav\u00e9s d&#8217;email a: punt@pdisseny.com.<\/p>\n\n\n\n<p><strong>2.Finalitat del tractament de les dades personals:<\/strong><\/p>\n\n\n\n<p>Amb quina finalitat tractarem les teves dades personals?<br>En L&#8217;EMPRESA, tractarem les teves dades personals recaptades a trav\u00e9s del Lloc web amb les seg\u00fcents finalitats:<\/p>\n\n\n\n<p>En cas de contractaci\u00f3 dels b\u00e9ns i serveis oferts a trav\u00e9s del LLOC WEB, per a mantenir la relaci\u00f3 contractual, aix\u00ed com la gesti\u00f3, administraci\u00f3, informaci\u00f3, prestaci\u00f3 i millora del servei.<\/p>\n\n\n\n<p>Enviament d&#8217;informaci\u00f3 sol\u00b7licitada a trav\u00e9s dels formularis disposats en el LLOC WEB<\/p>\n\n\n\n<p>Remetre butlletins (newsletters), aix\u00ed com comunicacions comercials de promocions i\/o publicitat del LLOC WEB i del sector.<\/p>\n\n\n\n<p>Et recordem que pots oposar-te a l&#8217;enviament de comunicacions comercials per qualsevol via i en qualsevol moment, remetent un correu electr\u00f2nic a l&#8217;adre\u00e7a indicada anteriorment.<\/p>\n\n\n\n<p>Els camps d&#8217;aquests registres s\u00f3n d&#8217;emplenament obligatori, sent impossible realitzar les finalitats expressades si no s&#8217;aporten aquestes dades.<\/p>\n\n\n\n<p><strong>3. Per quant temps es conserven les dades personals recaptades?<\/strong><\/p>\n\n\n\n<p>Les dades personals proporcionades es conservaran mentre es mantingui la relaci\u00f3 comercial o no sol\u00b7licitis la seva supressi\u00f3 i durant el termini pel qual poguessin derivar-se responsabilitats legals pels serveis prestats.<\/p>\n\n\n\n<p><strong>4. Legitimaci\u00f3:<\/strong><\/p>\n\n\n\n<p>El tractament de les teves dades es realitza amb les seg\u00fcents bases jur\u00eddiques que legitimen el mateix:<\/p>\n\n\n\n<p>La sol\u00b7licitud d&#8217;informaci\u00f3 i\/o la contractaci\u00f3 dels serveis, els termes i les condicions dels quals es posaran a la teva disposici\u00f3 en tot cas, de manera pr\u00e8via a una eventual contractaci\u00f3.<\/p>\n\n\n\n<p>El consentiment lliure, espec\u00edfic, informat i inequ\u00edvoc, en tant que t&#8217;informem posant a la teva disposici\u00f3 la present pol\u00edtica de privacitat, que despr\u00e9s de la lectura d&#8217;aquesta, en cas d&#8217;estar conforme, pots acceptar mitjan\u00e7ant una declaraci\u00f3 o una clara acci\u00f3 afirmativa, com el marcat d&#8217;una casella disposada a aquest efecte.<\/p>\n\n\n\n<p>En cas que no ens facilitis les teves dades o ho facis de manera err\u00f2nia o incompleta, no podrem atendre la teva sol\u00b7licitud, resultant del tot impossible proporcionar-te la informaci\u00f3 sol\u00b7licitada o dur a terme la contractaci\u00f3 dels serveis.<\/p>\n\n\n\n<p><strong>5. Destinataris:<\/strong><\/p>\n\n\n\n<p>Les dades no es comunicaran a cap tercer ali\u00e8 a l&#8217;EMPRESA, excepte obligaci\u00f3 legal.<\/p>\n\n\n\n<p><strong>6. Dades recopilades per usuaris dels serveis<\/strong><\/p>\n\n\n\n<p>En els casos en qu\u00e8 l&#8217;usuari inclogui fitxers amb dades de car\u00e0cter personal en els servidors d&#8217;allotjament compartit, L&#8217;EMPRESA, no es fa responsable de l&#8217;incompliment per part de l&#8217;usuari del RGPD.<\/p>\n\n\n\n<p><strong>7. Retenci\u00f3 de dades en conformitat a la LSSI<\/strong><\/p>\n\n\n\n<p>L&#8217;EMPRESA, informa que, com a prestador de servei d&#8217;allotjament de dades i en virtut del que s&#8217;estableix en la Llei 34\/2002 d&#8217;11 de juliol de Serveis de la Societat de la Informaci\u00f3 i de Comer\u00e7 Electr\u00f2nic (LSSI), ret\u00e9 per un per\u00edode m\u00e0xim de 12 mesos la informaci\u00f3 imprescindible per a identificar l&#8217;origen de les dades allotjades i el moment en qu\u00e8 es va iniciar la prestaci\u00f3 del servei. La retenci\u00f3 d&#8217;aquestes dades no afecta al secret de les comunicacions i nom\u00e9s podran ser utilitzats en el marc d&#8217;una recerca criminal o per a la salvaguarda de la seguretat p\u00fablica, posant-se a la disposici\u00f3 dels jutges i\/o tribunals o del Ministeri que aix\u00ed els requereixi.<\/p>\n\n\n\n<p>La comunicaci\u00f3 de dades a les Forces i Cossos de l&#8217;Estat es far\u00e0 en virtut al que es disposa en la normativa sobre protecci\u00f3 de dades personals.<\/p>\n\n\n\n<p><strong>8. Drets propietat intel\u00b7lectual<\/strong><\/p>\n\n\n\n<p>L&#8217;EMPRESA \u00e9s titular de tots els drets d&#8217;autor, propietat intel\u00b7lectual, industrial, \u201cknow-how\u201d i quants altres drets guarden relaci\u00f3 amb els continguts del lloc web LLOC WEB i els serveis oferts en aquest, aix\u00ed com dels programes necessaris per a la seva implementaci\u00f3 i la informaci\u00f3 relacionada.<\/p>\n\n\n\n<p>No es permet la reproducci\u00f3, publicaci\u00f3 i\/o \u00fas no estrictament privat dels continguts, totals o parcials, del lloc web LLOC WEB sense el consentiment previ i per escrit.<\/p>\n\n\n\n<p><strong>9. Propietat intel\u00b7lectual del programari<\/strong><\/p>\n\n\n\n<p>L&#8217;usuari ha de respectar els programes de tercers llocs a la seva disposici\u00f3 per l&#8217;EMPRESA fins i tot sent gratu\u00efts i\/o de disposici\u00f3 p\u00fablica.<\/p>\n\n\n\n<p>L&#8217;EMPRESA disposa dels drets d&#8217;explotaci\u00f3 i propietat intel\u00b7lectual necessaris del programari.<\/p>\n\n\n\n<p>L&#8217;usuari no adquireix cap dret o llic\u00e8ncia pel servei contractat, sobre el programari necessari per a la prestaci\u00f3 del servei, ni tampoc sobre la informaci\u00f3 t\u00e8cnica de seguiment del servei, excepci\u00f3 feta dels drets i llic\u00e8ncies necessaris per al compliment dels serveis contractats i \u00fanicament durant la durada d&#8217;aquests.<\/p>\n\n\n\n<p>Per a tota actuaci\u00f3 que excedeixi del compliment del contracte, l&#8217;usuari necessitar\u00e0 autoritzaci\u00f3 per escrit per part de L&#8217;EMPRESA, quedant prohibit a l&#8217;usuari accedir, modificar, visualitzar la configuraci\u00f3, estructura i fitxers dels servidors propietat de L&#8217;EMPRESA, assumint la responsabilitat civil i penal derivada de qualsevol incid\u00e8ncia que es pogu\u00e9s produir en els servidors i sistemes de seguretat com a conseq\u00fc\u00e8ncia directa d&#8217;una actuaci\u00f3 negligent o maliciosa per part seva.<\/p>\n\n\n\n<p><strong>10. Propietat intel\u00b7lectual dels continguts allotjats<\/strong><\/p>\n\n\n\n<p>Es prohibeix l&#8217;\u00fas contrari a la legislaci\u00f3 sobre propietat intel\u00b7lectual dels serveis prestats per<br>l&#8217;EMPRESA i, en particular de:<\/p>\n\n\n\n<p>La utilitzaci\u00f3 que resulti contr\u00e0ria a les lleis espanyoles o que infringeixi els drets de tercers.<\/p>\n\n\n\n<p>La publicaci\u00f3 o la transmissi\u00f3 de qualsevol contingut que, segons el parer de L&#8217;EMPRESA, resulti violent, obsc\u00e8, abusiu, il\u00b7legal, racial, xen\u00f2fob o difamatori.<\/p>\n\n\n\n<p>Els cracks, n\u00fameros de s\u00e8rie de programes o qualsevol altre contingut que vulneri drets de la propietat intel\u00b7lectual de tercers.<\/p>\n\n\n\n<p>La recollida i\/o utilitzaci\u00f3 de dades personals d&#8217;altres usuaris sense el seu consentiment expr\u00e9s o contravenint el que es disposa en Reglament (UE) 2016\/679 del Parlament Europeu i del Consell, de 27 d&#8217;abril de 2016, relatiu a la protecci\u00f3 de les persones f\u00edsiques pel que fa al tractament de dades personals i a la lliure circulaci\u00f3 d&#8217;aquests.<\/p>\n\n\n\n<p>La utilitzaci\u00f3 del servidor de correu del domini i de les adreces de correu electr\u00f2nic per a l&#8217;enviament de correu massiu no desitjat.<\/p>\n\n\n\n<p>L&#8217;usuari t\u00e9 tota la responsabilitat sobre el contingut del seu web, la informaci\u00f3 transmesa i emmagatzemada, els enlla\u00e7os d&#8217;hipertext, les reivindicacions de tercers i les accions legals en refer\u00e8ncia a propietat intel\u00b7lectual,<\/p>\n\n\n\n<p><strong>11. Drets de tercers i protecci\u00f3 de menors.<\/strong><\/p>\n\n\n\n<p>L&#8217;usuari \u00e9s responsable respecte a les lleis i reglaments en vigor i les regles que tenen a veure amb el funcionament del servei en l\u00ednia, comer\u00e7 electr\u00f2nic, drets d&#8217;autor, manteniment de l&#8217;ordre p\u00fablic, aix\u00ed com principis universals d&#8217;\u00fas d&#8217;Internet.<\/p>\n\n\n\n<p>L&#8217;usuari indemnitzar\u00e0 a l&#8217;EMPRESA per les despeses que gener\u00e9s la imputaci\u00f3 d&#8217;alguna causa la responsabilitat de la qual fos atribu\u00efble a l&#8217;usuari, inclosos honoraris i despeses de defensa jur\u00eddica, fins i tot en el cas d&#8217;una decisi\u00f3 judicial no definitiva.<\/p>\n\n\n\n<p><strong>12. Protecci\u00f3 de la informaci\u00f3 allotjada<\/strong><\/p>\n\n\n\n<p>L&#8217;EMPRESA realitza c\u00f2pies de seguretat dels continguts allotjats en els seus servidors, no obstant aix\u00f2 no es responsabilitza de la p\u00e8rdua o l&#8217;esborrament accidental de les dades per part dels usuaris. D&#8217;igual<br>manera, no garanteix la reposici\u00f3 total de les dades esborrades pels usuaris, ja que les citades dades podrien haver estat suprimits i\/o modificats durant el per\u00edode del temps transcorregut des de l&#8217;\u00faltima c\u00f2pia de seguretat.<\/p>\n\n\n\n<p>Els serveis oferts, excepte els serveis espec\u00edfics de c\u00f2pia de seguretat, no inclouen la reposici\u00f3 dels continguts conservats en les c\u00f2pies de seguretat realitzades per l&#8217;EMPRESA quan aquesta p\u00e8rdua sigui imputable a l&#8217;usuari; en aquest cas, es determinar\u00e0 una tarifa concorde a la complexitat i volum de la recuperaci\u00f3, sempre pr\u00e8via acceptaci\u00f3 de l&#8217;usuari.<\/p>\n\n\n\n<p>La reposici\u00f3 de dades esborrades nom\u00e9s est\u00e0 inclosa en el preu del servei quan la p\u00e8rdua del contingut sigui deguda a causes atribu\u00efbles a l&#8217;EMPRESA<\/p>\n\n\n\n<p><strong>13. Comunicacions comercials<\/strong><\/p>\n\n\n\n<p>En aplicaci\u00f3 de la LSSI. L&#8217;EMPRESA no enviar\u00e0 comunicacions publicit\u00e0ries o promocionals per correu electr\u00f2nic o un altre mitj\u00e0 de comunicaci\u00f3 electr\u00f2nica equivalent que pr\u00e8viament no haguessin estat sol\u00b7licitades o expressament autoritzades pels destinataris d&#8217;aquestes.<\/p>\n\n\n\n<p>En el cas d&#8217;usuaris amb els quals existeixi una relaci\u00f3 contractual pr\u00e8via, L&#8217;EMPRESA s\u00ed que est\u00e0 autoritzat a l&#8217;enviament de comunicacions comercials referents a productes o serveis de L&#8217;EMPRESA que siguin similars als que inicialment van ser objecte de contractaci\u00f3 amb el client.<\/p>\n\n\n\n<p>En tot cas, l&#8217;usuari, despr\u00e9s d&#8217;acreditar la seva identitat, podr\u00e0 sol\u00b7licitar que no se li faci arribar m\u00e9s informaci\u00f3 comercial a trav\u00e9s dels canals d&#8217;Atenci\u00f3 al Client.<\/p>\n<\/div>\n<\/div>\n<\/div>\n","protected":false},"excerpt":{"rendered":"","protected":false},"author":1,"featured_media":0,"parent":0,"menu_order":0,"comment_status":"closed","ping_status":"closed","template":"","meta":{"_acf_changed":false,"_genesis_hide_title":true,"_genesis_hide_breadcrumbs":false,"_genesis_hide_singular_image":false,"_genesis_hide_footer_widgets":false,"_genesis_custom_body_class":"","_genesis_custom_post_class":"","_genesis_layout":"","footnotes":""},"class_list":{"0":"post-433","1":"page","2":"type-page","3":"status-publish","5":"entry"},"acf":[],"_links":{"self":[{"href":"https:\/\/pdisseny.com\/ca\/wp-json\/wp\/v2\/pages\/433","targetHints":{"allow":["GET"]}}],"collection":[{"href":"https:\/\/pdisseny.com\/ca\/wp-json\/wp\/v2\/pages"}],"about":[{"href":"https:\/\/pdisseny.com\/ca\/wp-json\/wp\/v2\/types\/page"}],"author":[{"embeddable":true,"href":"https:\/\/pdisseny.com\/ca\/wp-json\/wp\/v2\/users\/1"}],"replies":[{"embeddable":true,"href":"https:\/\/pdisseny.com\/ca\/wp-json\/wp\/v2\/comments?post=433"}],"version-history":[{"count":3,"href":"https:\/\/pdisseny.com\/ca\/wp-json\/wp\/v2\/pages\/433\/revisions"}],"predecessor-version":[{"id":582,"href":"https:\/\/pdisseny.com\/ca\/wp-json\/wp\/v2\/pages\/433\/revisions\/582"}],"wp:attachment":[{"href":"https:\/\/pdisseny.com\/ca\/wp-json\/wp\/v2\/media?parent=433"}],"curies":[{"name":"wp","href":"https:\/\/api.w.org\/{rel}","templated":true}]}}