{"id":447,"date":"2025-10-10T10:42:51","date_gmt":"2025-10-10T08:42:51","guid":{"rendered":"https:\/\/pdisseny.com\/servicios\/troquelado-plastificado-plv\/"},"modified":"2025-10-22T12:26:03","modified_gmt":"2025-10-22T10:26:03","slug":"serveis-encunyacio-plastificat-acabats-elements-plv","status":"publish","type":"gur_servicios","link":"https:\/\/pdisseny.com\/ca\/servicios\/serveis-encunyacio-plastificat-acabats-elements-plv\/","title":{"rendered":"Serveis d&#8217;encunyaci\u00f3, plastificat i acabats elements PLV"},"content":{"rendered":"<section class=\"block-wrapper block-wrapper-cfb corporate block-wrapper-header background-as-attr bg-norepeat\" data-image-src=\"https:\/\/pdisseny.com\/wp-content\/uploads\/2025\/10\/acabados-plv.jpg\"><div class=\"container\"><div class=\"block-in-wrapper\"><h1 class=\"block-title\"> Serveis d&#8217;encunyaci\u00f3, plastificat i acabats elements PLV<\/h1><div class=\"block-description\"><p>Especialistes en els processos de post-impressi\u00f3 que afegeixen durabilitat, textura i un acabat premium als teus projectes, des de l&#8217;encunyaci\u00f3 de precisi\u00f3 fins al plastificat protector.<\/p>\n<\/div><div class=\"block-cta-wrapper\"><a class=\"btn modal-launcher btn-primary\" title=\" Contacta amb nosaltres\" data-type=\"modal\" data-rel=\"451\" data-size=\"md\"> Contacta amb nosaltres<\/a><\/div><\/div><\/div><\/section>\n\n<section class=\"block-wrapper block-wrapper-cfb corporate block-wrapper-columns-icons boxed\"><div class=\"container\"><div class=\"block-in-wrapper\"><h2 class=\"block-title\">Del disseny a la producci\u00f3 amb control total<\/h2><div class=\"row\"><div class=\"column-item col-md-4 col-lg-4\"><div class=\"block-article\"><div class=\"title-subtitle order-2\"><h3 class=\"title\">Recepci\u00f3 i verificaci\u00f3<\/h3><\/div><div class=\"image-wrapper order-1\"><img decoding=\"async\" src=\"https:\/\/pdisseny.com\/wp-content\/uploads\/2025\/10\/pdt-icon-1.svg\" alt=\"Icon\" class=\"img-fluid\" ><\/div><\/div><div class=\"description-article\"><p>Assegurem el material estigui en condicions \u00f2ptimes per als processos d&#8217;acabat<\/p>\n<\/div><\/div><div class=\"column-item col-md-4 col-lg-4\"><div class=\"block-article\"><div class=\"title-subtitle order-2\"><h3 class=\"title\">Aplicaci\u00f3 d&#8217;acabats<\/h3><\/div><div class=\"image-wrapper order-1\"><img decoding=\"async\" src=\"https:\/\/pdisseny.com\/wp-content\/uploads\/2025\/10\/Vector-9-1.svg\" alt=\"Icon\" class=\"img-fluid\" ><\/div><\/div><div class=\"description-article\"><p>Plastificat, contracolado o pel\u00b7liculaci\u00f3 per a protegir i enriquir la pe\u00e7a<\/p>\n<\/div><\/div><div class=\"column-item col-md-4 col-lg-4\"><div class=\"block-article\"><div class=\"title-subtitle order-2\"><h3 class=\"title\">Encunyat i manipulat<\/h3><\/div><div class=\"image-wrapper order-1\"><img decoding=\"async\" src=\"https:\/\/pdisseny.com\/wp-content\/uploads\/2025\/10\/Vector-10-1.svg\" alt=\"Icon\" class=\"img-fluid\" ><\/div><\/div><div class=\"description-article\"><p>Finalitzem cada forma per a lliurar un producte llest per al seu \u00fas.<\/p>\n<\/div><\/div><\/div><div class=\"block-cta-wrapper\"><\/div><\/div><\/div><\/section>\n\n<section class=\"block-wrapper block-wrapper-cfb corporate margin-bottom-medium block-wrapper-slider-content image-right\"><div class=\"container\"><div class=\"block-in-wrapper\"><div class=\"row justify-content-center g-0\"><div class=\"block-text-wrapper col-lg-6\"><h2 class=\"block-title\">Encunys en acci\u00f3<\/h2><div class=\"block-description\"><p>La nostra precisi\u00f3 en l&#8217;encunyaci\u00f3 i la qualitat dels nostres acabats <strong>s\u00f3n la garantia que el producte final no sols complir\u00e0, sin\u00f3 que superar\u00e0 les expectatives<\/strong>, marcant la difer\u00e8ncia en el lineal o a les mans del client.<\/p>\n<\/div><\/div><div class=\"block-image-wrapper col-lg-6\"><div class=\"gur-block-gallery gur-block-gallery-slider has-slick-slider\" data-slick-show=\"1,1,1\" data-slick-scroll=\"1,1,1\" data-slick-infinite=\"true\" data-slick-arrows=\"true\"><div class=\"item\"><div class=\"image-wrapper\"><img loading=\"lazy\" decoding=\"async\" width=\"649\" height=\"367\" src=\"https:\/\/pdisseny.com\/wp-content\/uploads\/2025\/10\/plv-espacio.jpg\" class=\"img-fluid\" alt=\"PLV - Espai Lindt\" srcset=\"https:\/\/pdisseny.com\/wp-content\/uploads\/2025\/10\/plv-espacio.jpg 649w, https:\/\/pdisseny.com\/wp-content\/uploads\/2025\/10\/plv-espacio-600x339.jpg 600w\" sizes=\"auto, (max-width: 649px) 100vw, 649px\" \/><div class=\"title-wrapper\"> <p class=\"title\">PLV &#8211; Espai Lindt<\/p> <\/div><\/div><\/div><\/div><\/div><\/div><\/div><\/div><\/section>\n\n<section class=\"block-wrapper block-wrapper-cfb corporate margin-top-medium margin-bottom-medium block-wrapper-image-content no-bg image-right\" data-image-src=\"\"><div class=\"container\"><div class=\"block-in-wrapper\"><div class=\"row justify-content-center g-0\"><div class=\"block-text-wrapper col-lg-6\"><h2 class=\"block-title\">Acabat professional, el detall que marca la difer\u00e8ncia<\/h2><div class=\"block-description\"><ul>\n<li><strong>Major durabilitat<\/strong> i protecci\u00f3 del producte impr\u00e8s.<\/li>\n<li><strong>Acabat premium<\/strong> i un valor percebut molt superior.<\/li>\n<li><strong>Talli i forma perfectes<\/strong> gr\u00e0cies a la nostra precisi\u00f3.<\/li>\n<li><strong>Un \u00fanic prove\u00efdor<\/strong> expert per a tots els acabats.<\/li>\n<\/ul>\n<\/div><\/div><div class=\"block-image-wrapper col-lg-6\"><div class=\"image-text\"><img decoding=\"async\" src=\"https:\/\/pdisseny.com\/wp-content\/uploads\/2025\/10\/define.jpg\" alt=\"Dibujo\" class=\"img-fluid\" ><div class=\"block-text-image\"><p>Qualitat i efici\u00e8ncia<\/p><\/div><\/div><\/div><\/div><\/div><\/div><\/section>\n\n<section class=\"block-wrapper block-wrapper-cfb corporate block-wrapper-columns-icons boxed\"><div class=\"container\"><div class=\"block-in-wrapper\"><h2 class=\"block-title\">Acabats que fan que la teva marca destaqui<\/h2><div class=\"row\"><div class=\"column-item col-md-6 col-lg-3\"><div class=\"block-article\"><div class=\"title-subtitle order-2\"><h3 class=\"title\">Embalatge de Producte Premium<\/h3><\/div><div class=\"image-wrapper order-1\"><img decoding=\"async\" src=\"https:\/\/pdisseny.com\/wp-content\/uploads\/2025\/10\/pdt-icon-4.svg\" alt=\"Icon\" class=\"img-fluid\" ><\/div><\/div><\/div><div class=\"column-item col-md-6 col-lg-3\"><div class=\"block-article\"><div class=\"title-subtitle order-2\"><h3 class=\"title\">Expositors PLV i displays<\/h3><\/div><div class=\"image-wrapper order-1\"><img decoding=\"async\" src=\"https:\/\/pdisseny.com\/wp-content\/uploads\/2025\/10\/pdt-icon-2.svg\" alt=\"Icon\" class=\"img-fluid\" ><\/div><\/div><\/div><div class=\"column-item col-md-6 col-lg-3\"><div class=\"block-article\"><div class=\"title-subtitle order-2\"><h3 class=\"title\">Material corporatiu <\/h3><\/div><div class=\"image-wrapper order-1\"><img decoding=\"async\" src=\"https:\/\/pdisseny.com\/wp-content\/uploads\/2025\/10\/Vector-11-1.svg\" alt=\"Icon\" class=\"img-fluid\" ><\/div><\/div><\/div><div class=\"column-item col-md-6 col-lg-3\"><div class=\"block-article\"><div class=\"title-subtitle order-2\"><h3 class=\"title\">Elements promocionals amb formes<\/h3><\/div><div class=\"image-wrapper order-1\"><img decoding=\"async\" src=\"https:\/\/pdisseny.com\/wp-content\/uploads\/2025\/10\/Vector-12-1.svg\" alt=\"Icon\" class=\"img-fluid\" ><\/div><\/div><\/div><\/div><\/div><\/div><\/section>\n\n<section class=\"block-wrapper block-wrapper-cfb corporate margin-top-medium block-wrapper-banner background-as-attr \" data-image-src=\"https:\/\/pdisseny.com\/wp-content\/uploads\/2025\/10\/troquel-hero.jpg\"><div class=\"container\"><div class=\"block-in-wrapper\"><div class=\"row justify-content-center g-0\"><div class=\"col-12\"><div class=\"content-wrapper\"><div class=\"text-wrapper\"><h2 class=\"block-title\">La teva idea, la nostra precisi\u00f3<\/h2><div class=\"block-description\"><p>La teva marca mereix un acabat perfecte: nosaltres ho fem possible.<\/p>\n<\/div><\/div><div class=\"block-cta-wrapper\"><a class=\"btn modal-launcher btn-primary\" title=\"Contacta amb nosaltres\" data-type=\"modal\" data-rel=\"451\" data-size=\"md\">Contacta amb nosaltres<\/a><\/div><\/div><\/div><\/div><\/div><\/div><\/section>","protected":false},"author":2,"parent":0,"menu_order":0,"template":"templates\/template-servicios.php","class_list":{"0":"post-447","1":"gur_servicios","2":"type-gur_servicios","3":"status-publish","5":"entry"},"acf":[],"_links":{"self":[{"href":"https:\/\/pdisseny.com\/ca\/wp-json\/wp\/v2\/gur_servicios\/447","targetHints":{"allow":["GET"]}}],"collection":[{"href":"https:\/\/pdisseny.com\/ca\/wp-json\/wp\/v2\/gur_servicios"}],"about":[{"href":"https:\/\/pdisseny.com\/ca\/wp-json\/wp\/v2\/types\/gur_servicios"}],"author":[{"embeddable":true,"href":"https:\/\/pdisseny.com\/ca\/wp-json\/wp\/v2\/users\/2"}],"wp:attachment":[{"href":"https:\/\/pdisseny.com\/ca\/wp-json\/wp\/v2\/media?parent=447"}],"curies":[{"name":"wp","href":"https:\/\/api.w.org\/{rel}","templated":true}]}}