{"id":441,"date":"2025-10-07T19:53:11","date_gmt":"2025-10-07T17:53:11","guid":{"rendered":"https:\/\/pdisseny.com\/servicios\/diseno-fabricacion-troqueles-medida\/"},"modified":"2025-10-22T11:08:18","modified_gmt":"2025-10-22T09:08:18","slug":"disseny-fabricacio-encunys-mesura","status":"publish","type":"gur_servicios","link":"https:\/\/pdisseny.com\/ca\/servicios\/disseny-fabricacio-encunys-mesura\/","title":{"rendered":"Disseny i fabricaci\u00f3 d&#8217;encunys a mesura"},"content":{"rendered":"<section class=\"block-wrapper block-wrapper-cfb corporate block-wrapper-header background-as-attr bg-norepeat\" data-image-src=\"https:\/\/pdisseny.com\/wp-content\/uploads\/2025\/10\/troqueles-medida.jpg\"><div class=\"container\"><div class=\"block-in-wrapper\"><h1 class=\"block-title\">Disseny encunys a mesura<\/h1><div class=\"block-description\"><p>Fabriquem els nostres propis encunys, la qual cosa ens permet garantir precisi\u00f3, qualitat i terminis en cada projecte.<\/p>\n<\/div><div class=\"block-cta-wrapper\"><a class=\"btn modal-launcher btn-primary\" title=\" Contacta amb nosaltres\" data-type=\"modal\" data-rel=\"451\" data-size=\"md\"> Contacta amb nosaltres<\/a><\/div><\/div><\/div><\/section>\n\n<section class=\"block-wrapper block-wrapper-cfb corporate block-wrapper-columns-icons boxed\"><div class=\"container\"><div class=\"block-in-wrapper\"><h2 class=\"block-title\">Del disseny a la producci\u00f3 amb control total<\/h2><div class=\"row\"><div class=\"column-item col-md-4 col-lg-4\"><div class=\"block-article\"><div class=\"title-subtitle order-2\"><h3 class=\"title\">Disseny de l&#8217;encuny<\/h3><\/div><div class=\"image-wrapper order-1\"><img decoding=\"async\" src=\"https:\/\/pdisseny.com\/wp-content\/uploads\/2025\/10\/pdt-icon-1.svg\" alt=\"Icon\" class=\"img-fluid\" ><\/div><\/div><div class=\"description-article\"><p>Adaptat a la pe\u00e7a, format i aplicaci\u00f3 final.<\/p>\n<\/div><\/div><div class=\"column-item col-md-4 col-lg-4\"><div class=\"block-article\"><div class=\"title-subtitle order-2\"><h3 class=\"title\">Fabricaci\u00f3 interna<\/h3><\/div><div class=\"image-wrapper order-1\"><img decoding=\"async\" src=\"https:\/\/pdisseny.com\/wp-content\/uploads\/2025\/10\/Vector-9-1.svg\" alt=\"Icon\" class=\"img-fluid\" ><\/div><\/div><div class=\"description-article\"><p>Control directe que assegura terminis i qualitat<\/p>\n<\/div><\/div><div class=\"column-item col-md-4 col-lg-4\"><div class=\"block-article\"><div class=\"title-subtitle order-2\"><h3 class=\"title\">Aplicaci\u00f3 en producci\u00f3<\/h3><\/div><div class=\"image-wrapper order-1\"><img decoding=\"async\" src=\"https:\/\/pdisseny.com\/wp-content\/uploads\/2025\/10\/Vector-10-1.svg\" alt=\"Icon\" class=\"img-fluid\" ><\/div><\/div><div class=\"description-article\"><p>Encunyat manual o autom\u00e0tic segons la tirada.<\/p>\n<\/div><\/div><\/div><div class=\"block-cta-wrapper\"><\/div><\/div><\/div><\/section>\n\n<section class=\"block-wrapper block-wrapper-cfb corporate margin-bottom-medium block-wrapper-slider-content image-right\"><div class=\"container\"><div class=\"block-in-wrapper\"><div class=\"row justify-content-center g-0\"><div class=\"block-text-wrapper col-lg-6\"><h2 class=\"block-title\">Encunys en acci\u00f3<\/h2><div class=\"block-description\"><p>Del disseny a la producci\u00f3: aix\u00ed s&#8217;apliquen els nostres encunys en diferents sectors<\/p>\n<\/div><\/div><div class=\"block-image-wrapper col-lg-6\"><div class=\"gur-block-gallery gur-block-gallery-slider has-slick-slider\" data-slick-show=\"1,1,1\" data-slick-scroll=\"1,1,1\" data-slick-infinite=\"true\" data-slick-arrows=\"true\"><div class=\"item\"><div class=\"image-wrapper\"><img loading=\"lazy\" decoding=\"async\" width=\"649\" height=\"367\" src=\"https:\/\/pdisseny.com\/wp-content\/uploads\/2025\/10\/plv-espacio.jpg\" class=\"img-fluid\" alt=\"PLV - Espai Lindt\" srcset=\"https:\/\/pdisseny.com\/wp-content\/uploads\/2025\/10\/plv-espacio.jpg 649w, https:\/\/pdisseny.com\/wp-content\/uploads\/2025\/10\/plv-espacio-600x339.jpg 600w\" sizes=\"auto, (max-width: 649px) 100vw, 649px\" \/><div class=\"title-wrapper\"> <p class=\"title\">PLV &#8211; Espai Lindt<\/p> <\/div><\/div><\/div><\/div><\/div><\/div><\/div><\/div><\/section>\n\n<section class=\"block-wrapper block-wrapper-cfb corporate margin-top-medium margin-bottom-medium block-wrapper-image-content no-bg image-right\" data-image-src=\"\"><div class=\"container\"><div class=\"block-in-wrapper\"><div class=\"row justify-content-center g-0\"><div class=\"block-text-wrapper col-lg-6\"><h2 class=\"block-title\">M\u00e9s precisi\u00f3, m\u00e9s control, m\u00e9s confian\u00e7a en cada projecte<\/h2><div class=\"block-description\"><ul>\n<li><strong>Control total<\/strong> del proc\u00e9s de producci\u00f3.<\/li>\n<li><strong>Precisi\u00f3 i qualitat<\/strong> en cada cort.<\/li>\n<li><strong>Flexibilitat<\/strong> per a tirades curtes i grans volums.<\/li>\n<li><strong>Solucions<\/strong> adaptades a PLV<\/li>\n<\/ul>\n<\/div><\/div><div class=\"block-image-wrapper col-lg-6\"><div class=\"image-text\"><img decoding=\"async\" src=\"https:\/\/pdisseny.com\/wp-content\/uploads\/2025\/10\/define.jpg\" alt=\"Dibuix\" class=\"img-fluid\" ><div class=\"block-text-image\"><p>Qualitat i efici\u00e8ncia<\/p><\/div><\/div><\/div><\/div><\/div><\/div><\/section>\n\n<section class=\"block-wrapper block-wrapper-cfb corporate block-wrapper-columns-icons boxed\"><div class=\"container\"><div class=\"block-in-wrapper\"><h2 class=\"block-title\">Solucions d&#8217;encunyaci\u00f3 per a cada sector<\/h2><div class=\"row\"><div class=\"column-item col-md-6 col-lg-3\"><div class=\"block-article\"><div class=\"title-subtitle order-2\"><h3 class=\"title\">Embalatge personalitzat<\/h3><\/div><div class=\"image-wrapper order-1\"><img decoding=\"async\" src=\"https:\/\/pdisseny.com\/wp-content\/uploads\/2025\/10\/pdt-icon-4.svg\" alt=\"Icon\" class=\"img-fluid\" ><\/div><\/div><\/div><div class=\"column-item col-md-6 col-lg-3\"><div class=\"block-article\"><div class=\"title-subtitle order-2\"><h3 class=\"title\">Expositors PLV i displays<\/h3><\/div><div class=\"image-wrapper order-1\"><img decoding=\"async\" src=\"https:\/\/pdisseny.com\/wp-content\/uploads\/2025\/10\/pdt-icon-2.svg\" alt=\"Icon\" class=\"img-fluid\" ><\/div><\/div><\/div><div class=\"column-item col-md-6 col-lg-3\"><div class=\"block-article\"><div class=\"title-subtitle order-2\"><h3 class=\"title\">Carpetes, etiquetes i suports editorials<\/h3><\/div><div class=\"image-wrapper order-1\"><img decoding=\"async\" src=\"https:\/\/pdisseny.com\/wp-content\/uploads\/2025\/10\/Vector-11-1.svg\" alt=\"Icon\" class=\"img-fluid\" ><\/div><\/div><\/div><div class=\"column-item col-md-6 col-lg-3\"><div class=\"block-article\"><div class=\"title-subtitle order-2\"><h3 class=\"title\">Material promocional i publicitari.<\/h3><\/div><div class=\"image-wrapper order-1\"><img decoding=\"async\" src=\"https:\/\/pdisseny.com\/wp-content\/uploads\/2025\/10\/Vector-12-1.svg\" alt=\"Icon\" class=\"img-fluid\" ><\/div><\/div><\/div><\/div><\/div><\/div><\/section>\n\n<section class=\"block-wrapper block-wrapper-cfb corporate margin-top-medium block-wrapper-banner background-as-attr \" data-image-src=\"https:\/\/pdisseny.com\/wp-content\/uploads\/2025\/10\/troqueles.jpg\"><div class=\"container\"><div class=\"block-in-wrapper\"><div class=\"row justify-content-center g-0\"><div class=\"col-12\"><div class=\"content-wrapper\"><div class=\"text-wrapper\"><h2 class=\"block-title\">La teva idea, la nostra precisi\u00f3<\/h2><div class=\"block-description\"><p>La teva marca mereix un acabat perfecte: nosaltres ho fem possible.<\/p>\n<\/div><\/div><div class=\"block-cta-wrapper\"><a class=\"btn modal-launcher btn-primary\" title=\"Contacta amb nosaltres\" data-type=\"modal\" data-rel=\"451\" data-size=\"md\">Contacta amb nosaltres<\/a><\/div><\/div><\/div><\/div><\/div><\/div><\/section>","protected":false},"author":3,"parent":0,"menu_order":0,"template":"templates\/template-servicios.php","class_list":{"0":"post-441","1":"gur_servicios","2":"type-gur_servicios","3":"status-publish","5":"entry"},"acf":[],"_links":{"self":[{"href":"https:\/\/pdisseny.com\/ca\/wp-json\/wp\/v2\/gur_servicios\/441","targetHints":{"allow":["GET"]}}],"collection":[{"href":"https:\/\/pdisseny.com\/ca\/wp-json\/wp\/v2\/gur_servicios"}],"about":[{"href":"https:\/\/pdisseny.com\/ca\/wp-json\/wp\/v2\/types\/gur_servicios"}],"author":[{"embeddable":true,"href":"https:\/\/pdisseny.com\/ca\/wp-json\/wp\/v2\/users\/3"}],"wp:attachment":[{"href":"https:\/\/pdisseny.com\/ca\/wp-json\/wp\/v2\/media?parent=441"}],"curies":[{"name":"wp","href":"https:\/\/api.w.org\/{rel}","templated":true}]}}