{"id":439,"date":"2025-10-09T19:41:16","date_gmt":"2025-10-09T17:41:16","guid":{"rendered":"https:\/\/pdisseny.com\/servicios\/desarrollo-estructuras-diseno-grafico-plv\/"},"modified":"2025-10-22T11:30:50","modified_gmt":"2025-10-22T09:30:50","slug":"desenvolupament-estructures-disseny-grafic-plv","status":"publish","type":"gur_servicios","link":"https:\/\/pdisseny.com\/ca\/servicios\/desenvolupament-estructures-disseny-grafic-plv\/","title":{"rendered":"Desenvolupament d&#8217;estructures i disseny gr\u00e0fic PLV"},"content":{"rendered":"<section class=\"block-wrapper block-wrapper-cfb corporate block-wrapper-header background-as-attr bg-norepeat\" data-image-src=\"https:\/\/pdisseny.com\/wp-content\/uploads\/2025\/10\/desarrollo-estructuras.jpg\"><div class=\"container\"><div class=\"block-in-wrapper\"><h1 class=\"block-title\">Desenvolupament d&#8217;estructures i disseny gr\u00e0fic PLV<\/h1><div class=\"block-description\"><p>Transformem les teves idees en <strong>expositors impactants i funcionals<\/strong>. Unim el <strong>disseny estructural intel\u00b7ligent<\/strong> amb un disseny gr\u00e0fic atractiu per a crear solucions PLV.<\/p>\n<\/div><div class=\"block-cta-wrapper\"><a class=\"btn modal-launcher btn-primary\" title=\"Contacta amb nosaltres\" data-type=\"modal\" data-rel=\"11\" data-size=\"md\">Contacta amb nosaltres<\/a><\/div><\/div><\/div><\/section>\n\n<section class=\"block-wrapper block-wrapper-cfb corporate block-wrapper-columns-icons boxed\"><div class=\"container\"><div class=\"block-in-wrapper\"><h2 class=\"block-title\">La creativitat neix de la precisi\u00f3 t\u00e8cnica<\/h2><div class=\"row\"><div class=\"column-item col-md-4 col-lg-4\"><div class=\"block-article\"><div class=\"title-subtitle order-2\"><h3 class=\"title\">Conceptualitzaci\u00f3<\/h3><\/div><div class=\"image-wrapper order-1\"><img decoding=\"async\" src=\"https:\/\/pdisseny.com\/wp-content\/uploads\/2025\/10\/pdt-icon-1.svg\" alt=\"Icon\" class=\"img-fluid\" ><\/div><\/div><div class=\"description-article\"><p>Definim la soluci\u00f3 estructural i gr\u00e0fica id\u00f2nia<\/p>\n<\/div><\/div><div class=\"column-item col-md-4 col-lg-4\"><div class=\"block-article\"><div class=\"title-subtitle order-2\"><h3 class=\"title\">Desenvolupament Estructural<\/h3><\/div><div class=\"image-wrapper order-1\"><img decoding=\"async\" src=\"https:\/\/pdisseny.com\/wp-content\/uploads\/2025\/10\/Vector-9-1.svg\" alt=\"Icon\" class=\"img-fluid\" ><\/div><\/div><div class=\"description-article\"><p>Creem el volum, la forma i la funcionalitat de l&#8217;expositor<\/p>\n<\/div><\/div><div class=\"column-item col-md-4 col-lg-4\"><div class=\"block-article\"><div class=\"title-subtitle order-2\"><h3 class=\"title\">Aplicaci\u00f3 Gr\u00e0fica<\/h3><\/div><div class=\"image-wrapper order-1\"><img decoding=\"async\" src=\"https:\/\/pdisseny.com\/wp-content\/uploads\/2025\/10\/Vector-10-1.svg\" alt=\"Icon\" class=\"img-fluid\" ><\/div><\/div><div class=\"description-article\"><p>Integrem la teva imatge de marca i els missatges de campanya<\/p>\n<\/div><\/div><\/div><div class=\"block-cta-wrapper\"><\/div><\/div><\/div><\/section>\n\n<section class=\"block-wrapper block-wrapper-cfb corporate margin-bottom-medium block-wrapper-slider-content image-right\"><div class=\"container\"><div class=\"block-in-wrapper\"><div class=\"row justify-content-center g-0\"><div class=\"block-text-wrapper col-lg-6\"><h2 class=\"block-title\">De la idea al prototip final<\/h2><div class=\"block-description\"><p>El nostre proc\u00e9s col\u00b7laboratiu est\u00e0 dissenyat per a donar-te total visibilitat i seguretat en cada fase del desenvolupament, assegurant que el resultat final sigui exactament el que esperes.<\/p>\n<\/div><\/div><div class=\"block-image-wrapper col-lg-6\"><div class=\"gur-block-gallery gur-block-gallery-slider has-slick-slider\" data-slick-show=\"1,1,1\" data-slick-scroll=\"1,1,1\" data-slick-infinite=\"true\" data-slick-arrows=\"true\"><div class=\"item\"><div class=\"image-wrapper\"><img loading=\"lazy\" decoding=\"async\" width=\"649\" height=\"367\" src=\"https:\/\/pdisseny.com\/wp-content\/uploads\/2025\/10\/plv-espacio.jpg\" class=\"img-fluid\" alt=\"PLV - Espai Lindt\" srcset=\"https:\/\/pdisseny.com\/wp-content\/uploads\/2025\/10\/plv-espacio.jpg 649w, https:\/\/pdisseny.com\/wp-content\/uploads\/2025\/10\/plv-espacio-600x339.jpg 600w\" sizes=\"auto, (max-width: 649px) 100vw, 649px\" \/><div class=\"title-wrapper\"> <p class=\"title\">PLV &#8211; Espai Lindt<\/p> <\/div><\/div><\/div><\/div><\/div><\/div><\/div><\/div><\/section>\n\n<section class=\"block-wrapper block-wrapper-cfb corporate margin-top-medium margin-bottom-medium block-wrapper-image-content no-bg image-right\" data-image-src=\"\"><div class=\"container\"><div class=\"block-in-wrapper\"><div class=\"row justify-content-center g-0\"><div class=\"block-text-wrapper col-lg-6\"><h2 class=\"block-title\">M\u00e9s precisi\u00f3, m\u00e9s control, m\u00e9s confian\u00e7a en cada projecte<\/h2><div class=\"block-description\"><ul>\n<li><strong>Creativitat funcional<\/strong> i 100% produ\u00efble.<\/li>\n<li><strong>Optimitzaci\u00f3 de materials<\/strong> i costos de producci\u00f3.<\/li>\n<li><strong>Prototips reals<\/strong> per a una validaci\u00f3 segura.<\/li>\n<li><strong>Agilitat en el proc\u00e9s<\/strong> en unificar disseny i t\u00e8cnica.<\/li>\n<\/ul>\n<\/div><\/div><div class=\"block-image-wrapper col-lg-6\"><div class=\"image-text\"><img decoding=\"async\" src=\"https:\/\/pdisseny.com\/wp-content\/uploads\/2025\/10\/define.jpg\" alt=\"Dibuix\" class=\"img-fluid\" ><div class=\"block-text-image\"><p> Qualitat i efici\u00e8ncia<\/p><\/div><\/div><\/div><\/div><\/div><\/div><\/section>\n\n<section class=\"block-wrapper block-wrapper-cfb corporate block-wrapper-columns-icons boxed\"><div class=\"container\"><div class=\"block-in-wrapper\"><h2 class=\"block-title\">Principals usos i aplicacions del disseny PLV<\/h2><div class=\"row\"><div class=\"column-item col-md-6 col-lg-3\"><div class=\"block-article\"><div class=\"title-subtitle order-2\"><h3 class=\"title\">Expositors de s\u00f2l i sobretaula<\/h3><\/div><div class=\"image-wrapper order-1\"><img decoding=\"async\" src=\"https:\/\/pdisseny.com\/wp-content\/uploads\/2025\/10\/pdt-icon-4.svg\" alt=\"Icon\" class=\"img-fluid\" ><\/div><\/div><\/div><div class=\"column-item col-md-6 col-lg-3\"><div class=\"block-article\"><div class=\"title-subtitle order-2\"><h3 class=\"title\">Expositors PLV i displays<\/h3><\/div><div class=\"image-wrapper order-1\"><img decoding=\"async\" src=\"https:\/\/pdisseny.com\/wp-content\/uploads\/2025\/10\/pdt-icon-2.svg\" alt=\"Icon\" class=\"img-fluid\" ><\/div><\/div><\/div><div class=\"column-item col-md-6 col-lg-3\"><div class=\"block-article\"><div class=\"title-subtitle order-2\"><h3 class=\"title\">Embalatge estructural<\/h3><\/div><div class=\"image-wrapper order-1\"><img decoding=\"async\" src=\"https:\/\/pdisseny.com\/wp-content\/uploads\/2025\/10\/Vector-11-1.svg\" alt=\"Icon\" class=\"img-fluid\" ><\/div><\/div><\/div><div class=\"column-item col-md-6 col-lg-3\"><div class=\"block-article\"><div class=\"title-subtitle order-2\"><h3 class=\"title\">Material promocional i publicitari<\/h3><\/div><div class=\"image-wrapper order-1\"><img decoding=\"async\" src=\"https:\/\/pdisseny.com\/wp-content\/uploads\/2025\/10\/Vector-12-1.svg\" alt=\"Icon\" class=\"img-fluid\" ><\/div><\/div><\/div><\/div><\/div><\/div><\/section>\n\n<section class=\"block-wrapper block-wrapper-cfb corporate margin-top-medium block-wrapper-banner background-as-attr \" data-image-src=\"https:\/\/pdisseny.com\/wp-content\/uploads\/2025\/10\/troquel-hero.jpg\"><div class=\"container\"><div class=\"block-in-wrapper\"><div class=\"row justify-content-center g-0\"><div class=\"col-12\"><div class=\"content-wrapper\"><div class=\"text-wrapper\"><h2 class=\"block-title\">La teva idea, la nostra precisi\u00f3<\/h2><div class=\"block-description\"><p>La teva marca mereix un acabat perfecte: nosaltres ho fem possible.<\/p>\n<\/div><\/div><div class=\"block-cta-wrapper\"><a class=\"btn modal-launcher btn-primary\" title=\" Contacta amb nosaltres\" data-type=\"modal\" data-rel=\"451\" data-size=\"md\"> Contacta amb nosaltres<\/a><\/div><\/div><\/div><\/div><\/div><\/div><\/section>","protected":false},"author":2,"parent":0,"menu_order":0,"template":"templates\/template-servicios.php","class_list":{"0":"post-439","1":"gur_servicios","2":"type-gur_servicios","3":"status-publish","5":"entry"},"acf":[],"_links":{"self":[{"href":"https:\/\/pdisseny.com\/ca\/wp-json\/wp\/v2\/gur_servicios\/439","targetHints":{"allow":["GET"]}}],"collection":[{"href":"https:\/\/pdisseny.com\/ca\/wp-json\/wp\/v2\/gur_servicios"}],"about":[{"href":"https:\/\/pdisseny.com\/ca\/wp-json\/wp\/v2\/types\/gur_servicios"}],"author":[{"embeddable":true,"href":"https:\/\/pdisseny.com\/ca\/wp-json\/wp\/v2\/users\/2"}],"wp:attachment":[{"href":"https:\/\/pdisseny.com\/ca\/wp-json\/wp\/v2\/media?parent=439"}],"curies":[{"name":"wp","href":"https:\/\/api.w.org\/{rel}","templated":true}]}}